{"id":16278,"date":"2021-08-09T12:52:04","date_gmt":"2021-08-09T10:52:04","guid":{"rendered":"https:\/\/pressingplus.com\/politica-de-privacitat\/"},"modified":"2022-06-03T22:57:14","modified_gmt":"2022-06-03T20:57:14","slug":"politica-de-privacitat","status":"publish","type":"page","link":"https:\/\/pressingplus.com\/ca\/politica-de-privacitat\/","title":{"rendered":"Pol\u00edtica de privacitat"},"content":{"rendered":"\n<p>La utilitzaci\u00f3 d&#8217;aquesta web i dels seus formularis requereix l&#8217;acceptaci\u00f3 del tractament de les dades de l&#8217;usuari conforme a aquesta pol\u00edtica de privacitat, incloent la recopilaci\u00f3 de dades d&#8217;acc\u00e9s i l&#8217;enviament d&#8217;informaci\u00f3 comercial per via electr\u00f2nica.<\/p>\n\n<h3 class=\"wp-block-heading\">Responsable del tractament de les dades i informaci\u00f3 de contacte<\/h3>\n\n<p>El responsable es: GROUP PRESSING PLUS LOG\u00cdSTICA APLICADA, S.L.<\/p>\n\n<p> Adre\u00e7a: FLUVI\u00c0, 261-263 08020 BARCELONA<\/p>\n\n<p>Dades de contacte del responsable:<\/p>\n\n<ul class=\"wp-block-list\"><li>93 303 02 13<\/li><li>email <a href=\"mailto:info@pressingplus.com\">info@pressingplus.com<\/a> (&#8220;Protecci\u00f3 de dades\u201d)<\/li><\/ul>\n<h3 class=\"wp-block-heading\">Finalitat del tractament de les dades<\/h3>\n\n<p>Les dades es tracten amb l&#8217;objectiu de proporcionar acc\u00e9s als continguts en l\u00ednia de la web aix\u00ed com atendre les sol\u00b7licituds dels usuaris de la web, portar un registre de visites (adreces IP, dades del navegador, pa\u00eds, p\u00e0gina accedida, etc) a efectes estad\u00edstics, aplicar mesures encaminades a la seguretat de la web, aix\u00ed com en el seu cas enviar-li per mitjans electr\u00f2nics informaci\u00f3 comercial sobre els nostres productes i serveis.<\/p>\n\n<p>En cas d&#8217;emplenar algun dels formularis ser\u00e0 necessari facilitar determinades dades personals, els quals es tractaran per a la finalitat per a la qual se sol\u00b7liciten.<\/p>\n\n<h3 class=\"wp-block-heading\">Legitimaci\u00f3<\/h3>\n\n<p>Les dades es tracten sobre la base del consentiment de l&#8217;usuari, compliment d&#8217;obligacions legals, en el seu cas per a l&#8217;execuci\u00f3 d&#8217;un contracte o precontracte.<\/p>\n\n<h3 class=\"wp-block-heading\">Destinataris i transfer\u00e8ncies<\/h3>\n\n<p>Destinataris: GROUP PRESSING PLUS LOG\u00cdSTICA APLICADA, S.L.<\/p>\n\n<p>No es preveu la transfer\u00e8ncia internacional (fora de l&#8217;Espai Econ\u00f2mic Europeu), excepte amb finalitats d&#8217;emmagatzematge, i en tot cas sobre la base de l&#8217;exist\u00e8ncia d&#8217;una decisi\u00f3 d&#8217;adequaci\u00f3, sobre la base de l&#8217;exist\u00e8ncia de garanties adequades.<\/p>\n\n<h3 class=\"wp-block-heading\">Termini de conservaci\u00f3 de les dades<\/h3>\n\n<p>Almenys durant els terminis establerts per la legislaci\u00f3 aplicable i en tot cas mentre es mantingui la vig\u00e8ncia del consentiment.<\/p>\n\n<h3 class=\"wp-block-heading\">Drets de les persones<\/h3>\n\n<p>Els interessats tenen dret a:<\/p>\n\n<ul class=\"wp-block-list\"><li>Accedir, rectificar i suprimir les seves dades<\/li><li>Solicitar la portabilidad de sus datos<\/li><li>Oponerse al tratamiento o solicitar su limitaci\u00f3n<\/li><li>Retirar el consentiment prestat, en el seu cas<\/li><\/ul>\n<p>Per a aix\u00f2 poden enviar la seva sol\u00b7licitud:<\/p>\n\n<ul class=\"wp-block-list\"><li>Per correu electr\u00f2nic, escrivint a <a href=\"mailto:info@pressingplus.com\">info@pressingplus.com<\/a> incloent en l&#8217;assumpte especificant en l&#8217;assumpte la referencia &#8220;Protecci\u00f3 de dades&#8221;<\/li><li>Per escrit, dirigint-se a FLUVI\u00c0, 261-263 08020 BARCELONA (BARCELONA)<\/li><\/ul>\n<p>El titular de les dades haur\u00e0 d&#8217;adjuntar a la sol\u00b7licitud la fotoc\u00f2pia el seu DNI.<\/p>\n\n<p>Tamb\u00e9 poden realitzar una reclamaci\u00f3 davant l&#8217;Autoritat de Control de protecci\u00f3 de dades.<\/p>\n\n<h3 class=\"wp-block-heading\">Veracitat i actualitzaci\u00f3 de les dades<\/h3>\n\n<p>L&#8217;usuari ha d&#8217;emplenar els formularis amb dades veritables, exactes, complets i actuals. L&#8217;usuari no introduir\u00e0 dades corresponents a una altra persona; presumir\u00e0 que les dades han estat facilitats pel titular d&#8217;aquests. L&#8217;usuari ser\u00e0 l&#8217;\u00fanic responsable de qualsevol mal o perjudici, directe o indirecte que pogu\u00e9s ocasionar a qualsevol persona a causa de l&#8217;emplenament del formulari amb dades falses, inexactes, incomplets o no actualitzats o relatius a una altra persona.<\/p>\n\n<p>L&#8217;usuari ha de comunicar qualsevol modificaci\u00f3 en les dades proporcionades amb la finalitat de mantenir les seves dades degudament actualitzades.<\/p>\n\n<h3 class=\"wp-block-heading\">Seguretat de la informaci\u00f3<\/h3>\n\n<p>GROUP PRESSING PLUS LOG\u00cdSTICA APLICADA, S.L ha pres totes les mesures legalment requerides per a la protecci\u00f3 de dades personals; aix\u00ed mateix, ha adoptat tots els dispositius t\u00e8cnics al seu abast per a evitar la p\u00e8rdua, el mal \u00fas, l&#8217;alteraci\u00f3, l&#8217;acc\u00e9s o el robatori de les dades personals facilitades pels usuaris de la web. L&#8217;usuari tindr\u00e0 en compte, no obstant aix\u00f2, que les mesures de seguretat en Internet no s\u00f3n absolutament inviolables.<\/p>\n\n<h3 class=\"wp-block-heading\">Menors d&#8217;edat<\/h3>\n\n<p>GROUP PRESSING PLUS LOG\u00cdSTICA APLICADA, S.L prohibeix l&#8217;\u00fas dels seus serveis web als usuaris menors de catorze anys, excepte consentiment expr\u00e9s dels seus pares o tutors.<\/p>\n\n<p>En cap cas el menor podr\u00e0 facilitar a dades que permetin obtenir informaci\u00f3 sobre els altres membres del grup familiar, o sobre les caracter\u00edstiques d&#8217;aquest, com les dades relatives a l&#8217;activitat professional dels progenitors, informaci\u00f3 econ\u00f2mica, dades sociol\u00f2giques o qualssevol altres, sense el consentiment dels titulars de tals dades.<\/p>\n\n<h3 class=\"wp-block-heading\">Anal\u00edtiques Web<\/h3>\n\n<p>Aquesta web empra diverses anal\u00edtiques per a con\u00e8ixer la manera en qu\u00e8 \u00e9s buscada, accedida i utilitzada pel p\u00fablic. Aquestes anal\u00edtiques poden implicar la recopilaci\u00f3 de dades de car\u00e0cter personal com per exemple l&#8217;adre\u00e7a IP, la localitzaci\u00f3 de la connexi\u00f3, la informaci\u00f3 sobre el programari o maquinari de navegaci\u00f3, etc. Aquesta informaci\u00f3 no s&#8217;associa als usuaris i s&#8217;utilitza amb la finalitat exclusiva d&#8217;obtenir informaci\u00f3 estad\u00edstica sobre l&#8217;\u00fas de la web de l&#8217;empresa.<\/p>\n\n<h3 class=\"wp-block-heading\">Utilitzaci\u00f3 de funcions i complements de tercers<\/h3>\n\n<p>Aquesta web incorpora funcions i complements proporcionats per tercers per a anal\u00edtiques web.<\/p>\n\n<p>Una funci\u00f3 o complement d&#8217;un tercer estableix una connexi\u00f3 directa entre el navegador de l&#8217;usuari i els dominis d&#8217;Internet controlats pel tercer, permetent la desc\u00e0rrega i execuci\u00f3 de la funci\u00f3.<\/p>\n\n<p>Aix\u00ed mateix, la majoria de complements de tercers recopilen quines p\u00e0gines visiten els usuaris per a con\u00e8ixer els seus interessos i poder oferir-li posteriorment publicitat adaptada a aquests.<\/p>\n\n<h3 class=\"wp-block-heading\">Utilitzaci\u00f3 de la funci\u00f3 Google Analytics proporcionada per Google, Inc.<\/h3>\n\n<p>Aquesta web integra funcions anal\u00edtiques de Google Inc (1600 AMPHITHEATRE PARKWAY, MOUNTAIN VIEW, CALIF\u00d2RNIA, USA) per a con\u00e8ixer la manera en qu\u00e8 \u00e9s buscada, accedida i utilitzada pels usuaris. Per a aix\u00f2, en usar aquesta web el navegador de l&#8217;usuari estableix una connexi\u00f3 directa amb els servidors del domini d&#8217;Internet google.com i altres dominis de Google. Aix\u00f2 permet a Google registrar l&#8217;activitat de l&#8217;usuari aix\u00ed com informaci\u00f3 relativa a la seva adre\u00e7a IP. Google Analytics fa \u00fas de cookies persistents per a elaborar estad\u00edstiques an\u00f2nimes sobre l&#8217;\u00fas d&#8217;aquesta web, conforme a la seg\u00fcent pol\u00edtica de privacitat: https:\/\/www.google.com\/analytics\/learn\/privacy.html?hl=es<\/p>\n\n<p>En utilitzar est la web l&#8217;usuari consent el tractament de les seves dades per Google en la forma i per als fins indicats.<\/p>\n\n<h3 class=\"wp-block-heading\">Utilitzaci\u00f3 de funcions proporcionades per Google, Inc.<\/h3>\n\n<p>Aquesta web integra funcions de Google Inc (1600 AMPHITHEATRE PARKWAY, MOUNTAIN VIEW, CALIF\u00d2RNIA, USA), com per exemple v\u00eddeos de Youtube, mapes i botons &#8220;+1&#8221;. Per a aix\u00f2, en usar la web el navegador de l&#8217;usuari estableix una connexi\u00f3 directa amb els servidors del domini d&#8217;Internet google.com i altres dominis de Google. Aix\u00f2 permet a Google con\u00e8ixer que l&#8217;usuari ha visitat la web des de la seva adre\u00e7a IP. Google fa \u00fas de cookies persistents, emmagatzematge local i emmagatzematge local de Flaix en el dispositiu de l&#8217;usuari, per a diverses finalitats incloent la recopilaci\u00f3 de l&#8217;activitat de l&#8217;usuari en Internet per a oferir-li publicitat adaptada als seus interessos, conforme a les seves pol\u00edtiques de privacitat: http:\/\/www.google.es\/intl\/es\/policies\/privacy\/<\/p>\n\n<p>En utilitzar est la web l&#8217;usuari consent el tractament de les seves dades per Google en la forma i per als fins indicats.<\/p>\n","protected":false},"excerpt":{"rendered":"<p>La utilitzaci\u00f3 d&#8217;aquesta web i dels seus formularis requereix l&#8217;acceptaci\u00f3 del tractament de les dades de l&#8217;usuari conforme a aquesta pol\u00edtica de privacitat, incloent la recopilaci\u00f3 de dades d&#8217;acc\u00e9s i l&#8217;enviament d&#8217;informaci\u00f3 comercial per via electr\u00f2nica. Responsable del tractament de les dades i informaci\u00f3 de contacte El responsable es: GROUP PRESSING PLUS LOG\u00cdSTICA APLICADA, S.L. [&hellip;]<\/p>\n","protected":false},"author":1,"featured_media":0,"parent":0,"menu_order":0,"comment_status":"closed","ping_status":"closed","template":"","meta":{"footnotes":""},"class_list":["post-16278","page","type-page","status-publish","hentry"],"yoast_head":"<!-- This site is optimized with the Yoast SEO plugin v27.2 - https:\/\/yoast.com\/product\/yoast-seo-wordpress\/ -->\n<title>Pol\u00edtica de privacitat - GROUP PRESSING PLUS<\/title>\n<meta name=\"robots\" content=\"index, follow, max-snippet:-1, max-image-preview:large, max-video-preview:-1\" \/>\n<link rel=\"canonical\" href=\"https:\/\/pressingplus.com\/ca\/politica-de-privacitat\/\" \/>\n<meta property=\"og:locale\" content=\"ca_ES\" \/>\n<meta property=\"og:type\" content=\"article\" \/>\n<meta property=\"og:title\" content=\"Pol\u00edtica de privacitat - GROUP PRESSING PLUS\" \/>\n<meta property=\"og:description\" content=\"La utilitzaci\u00f3 d&#8217;aquesta web i dels seus formularis requereix l&#8217;acceptaci\u00f3 del tractament de les dades de l&#8217;usuari conforme a aquesta pol\u00edtica de privacitat, incloent la recopilaci\u00f3 de dades d&#8217;acc\u00e9s i l&#8217;enviament d&#8217;informaci\u00f3 comercial per via electr\u00f2nica. Responsable del tractament de les dades i informaci\u00f3 de contacte El responsable es: GROUP PRESSING PLUS LOG\u00cdSTICA APLICADA, S.L. [&hellip;]\" \/>\n<meta property=\"og:url\" content=\"https:\/\/pressingplus.com\/ca\/politica-de-privacitat\/\" \/>\n<meta property=\"og:site_name\" content=\"GROUP PRESSING PLUS\" \/>\n<meta property=\"article:modified_time\" content=\"2022-06-03T20:57:14+00:00\" \/>\n<meta name=\"twitter:card\" content=\"summary_large_image\" \/>\n<meta name=\"twitter:label1\" content=\"Temps estimat de lectura\" \/>\n\t<meta name=\"twitter:data1\" content=\"6 minuts\" \/>\n<script type=\"application\/ld+json\" class=\"yoast-schema-graph\">{\"@context\":\"https:\/\/schema.org\",\"@graph\":[{\"@type\":\"WebPage\",\"@id\":\"https:\/\/pressingplus.com\/ca\/politica-de-privacitat\/\",\"url\":\"https:\/\/pressingplus.com\/ca\/politica-de-privacitat\/\",\"name\":\"Pol\u00edtica de privacitat - GROUP PRESSING PLUS\",\"isPartOf\":{\"@id\":\"https:\/\/pressingplus.com\/#website\"},\"datePublished\":\"2021-08-09T10:52:04+00:00\",\"dateModified\":\"2022-06-03T20:57:14+00:00\",\"breadcrumb\":{\"@id\":\"https:\/\/pressingplus.com\/ca\/politica-de-privacitat\/#breadcrumb\"},\"inLanguage\":\"ca\",\"potentialAction\":[{\"@type\":\"ReadAction\",\"target\":[\"https:\/\/pressingplus.com\/ca\/politica-de-privacitat\/\"]}]},{\"@type\":\"BreadcrumbList\",\"@id\":\"https:\/\/pressingplus.com\/ca\/politica-de-privacitat\/#breadcrumb\",\"itemListElement\":[{\"@type\":\"ListItem\",\"position\":1,\"name\":\"Portada\",\"item\":\"https:\/\/pressingplus.com\/ca\/equipaments-per-a-la-industria-de-la-confeccio-automocio\/\"},{\"@type\":\"ListItem\",\"position\":2,\"name\":\"Pol\u00edtica de privacitat\"}]},{\"@type\":\"WebSite\",\"@id\":\"https:\/\/pressingplus.com\/#website\",\"url\":\"https:\/\/pressingplus.com\/\",\"name\":\"GROUP PRESSING PLUS\",\"description\":\"Equipamientos para la industria de la confecci\u00f3n\",\"publisher\":{\"@id\":\"https:\/\/pressingplus.com\/#organization\"},\"potentialAction\":[{\"@type\":\"SearchAction\",\"target\":{\"@type\":\"EntryPoint\",\"urlTemplate\":\"https:\/\/pressingplus.com\/?s={search_term_string}\"},\"query-input\":{\"@type\":\"PropertyValueSpecification\",\"valueRequired\":true,\"valueName\":\"search_term_string\"}}],\"inLanguage\":\"ca\"},{\"@type\":\"Organization\",\"@id\":\"https:\/\/pressingplus.com\/#organization\",\"name\":\"GROUP PRESSING PLUS\",\"url\":\"https:\/\/pressingplus.com\/\",\"logo\":{\"@type\":\"ImageObject\",\"inLanguage\":\"ca\",\"@id\":\"https:\/\/pressingplus.com\/#\/schema\/logo\/image\/\",\"url\":\"https:\/\/pressingplus.com\/wp-content\/uploads\/2020\/11\/logo-pressingplus-default.png\",\"contentUrl\":\"https:\/\/pressingplus.com\/wp-content\/uploads\/2020\/11\/logo-pressingplus-default.png\",\"width\":208,\"height\":50,\"caption\":\"GROUP PRESSING PLUS\"},\"image\":{\"@id\":\"https:\/\/pressingplus.com\/#\/schema\/logo\/image\/\"}}]}<\/script>\n<!-- \/ Yoast SEO plugin. -->","yoast_head_json":{"title":"Pol\u00edtica de privacitat - GROUP PRESSING PLUS","robots":{"index":"index","follow":"follow","max-snippet":"max-snippet:-1","max-image-preview":"max-image-preview:large","max-video-preview":"max-video-preview:-1"},"canonical":"https:\/\/pressingplus.com\/ca\/politica-de-privacitat\/","og_locale":"ca_ES","og_type":"article","og_title":"Pol\u00edtica de privacitat - GROUP PRESSING PLUS","og_description":"La utilitzaci\u00f3 d&#8217;aquesta web i dels seus formularis requereix l&#8217;acceptaci\u00f3 del tractament de les dades de l&#8217;usuari conforme a aquesta pol\u00edtica de privacitat, incloent la recopilaci\u00f3 de dades d&#8217;acc\u00e9s i l&#8217;enviament d&#8217;informaci\u00f3 comercial per via electr\u00f2nica. Responsable del tractament de les dades i informaci\u00f3 de contacte El responsable es: GROUP PRESSING PLUS LOG\u00cdSTICA APLICADA, S.L. [&hellip;]","og_url":"https:\/\/pressingplus.com\/ca\/politica-de-privacitat\/","og_site_name":"GROUP PRESSING PLUS","article_modified_time":"2022-06-03T20:57:14+00:00","twitter_card":"summary_large_image","twitter_misc":{"Temps estimat de lectura":"6 minuts"},"schema":{"@context":"https:\/\/schema.org","@graph":[{"@type":"WebPage","@id":"https:\/\/pressingplus.com\/ca\/politica-de-privacitat\/","url":"https:\/\/pressingplus.com\/ca\/politica-de-privacitat\/","name":"Pol\u00edtica de privacitat - GROUP PRESSING PLUS","isPartOf":{"@id":"https:\/\/pressingplus.com\/#website"},"datePublished":"2021-08-09T10:52:04+00:00","dateModified":"2022-06-03T20:57:14+00:00","breadcrumb":{"@id":"https:\/\/pressingplus.com\/ca\/politica-de-privacitat\/#breadcrumb"},"inLanguage":"ca","potentialAction":[{"@type":"ReadAction","target":["https:\/\/pressingplus.com\/ca\/politica-de-privacitat\/"]}]},{"@type":"BreadcrumbList","@id":"https:\/\/pressingplus.com\/ca\/politica-de-privacitat\/#breadcrumb","itemListElement":[{"@type":"ListItem","position":1,"name":"Portada","item":"https:\/\/pressingplus.com\/ca\/equipaments-per-a-la-industria-de-la-confeccio-automocio\/"},{"@type":"ListItem","position":2,"name":"Pol\u00edtica de privacitat"}]},{"@type":"WebSite","@id":"https:\/\/pressingplus.com\/#website","url":"https:\/\/pressingplus.com\/","name":"GROUP PRESSING PLUS","description":"Equipamientos para la industria de la confecci\u00f3n","publisher":{"@id":"https:\/\/pressingplus.com\/#organization"},"potentialAction":[{"@type":"SearchAction","target":{"@type":"EntryPoint","urlTemplate":"https:\/\/pressingplus.com\/?s={search_term_string}"},"query-input":{"@type":"PropertyValueSpecification","valueRequired":true,"valueName":"search_term_string"}}],"inLanguage":"ca"},{"@type":"Organization","@id":"https:\/\/pressingplus.com\/#organization","name":"GROUP PRESSING PLUS","url":"https:\/\/pressingplus.com\/","logo":{"@type":"ImageObject","inLanguage":"ca","@id":"https:\/\/pressingplus.com\/#\/schema\/logo\/image\/","url":"https:\/\/pressingplus.com\/wp-content\/uploads\/2020\/11\/logo-pressingplus-default.png","contentUrl":"https:\/\/pressingplus.com\/wp-content\/uploads\/2020\/11\/logo-pressingplus-default.png","width":208,"height":50,"caption":"GROUP PRESSING PLUS"},"image":{"@id":"https:\/\/pressingplus.com\/#\/schema\/logo\/image\/"}}]}},"_links":{"self":[{"href":"https:\/\/pressingplus.com\/ca\/wp-json\/wp\/v2\/pages\/16278","targetHints":{"allow":["GET"]}}],"collection":[{"href":"https:\/\/pressingplus.com\/ca\/wp-json\/wp\/v2\/pages"}],"about":[{"href":"https:\/\/pressingplus.com\/ca\/wp-json\/wp\/v2\/types\/page"}],"author":[{"embeddable":true,"href":"https:\/\/pressingplus.com\/ca\/wp-json\/wp\/v2\/users\/1"}],"replies":[{"embeddable":true,"href":"https:\/\/pressingplus.com\/ca\/wp-json\/wp\/v2\/comments?post=16278"}],"version-history":[{"count":2,"href":"https:\/\/pressingplus.com\/ca\/wp-json\/wp\/v2\/pages\/16278\/revisions"}],"predecessor-version":[{"id":16473,"href":"https:\/\/pressingplus.com\/ca\/wp-json\/wp\/v2\/pages\/16278\/revisions\/16473"}],"wp:attachment":[{"href":"https:\/\/pressingplus.com\/ca\/wp-json\/wp\/v2\/media?parent=16278"}],"curies":[{"name":"wp","href":"https:\/\/api.w.org\/{rel}","templated":true}]}}