{"id":16242,"date":"2021-08-09T11:12:45","date_gmt":"2021-08-09T09:12:45","guid":{"rendered":"https:\/\/pressingplus.com\/avis-legal\/"},"modified":"2026-03-04T10:37:55","modified_gmt":"2026-03-04T09:37:55","slug":"avis-legal","status":"publish","type":"page","link":"https:\/\/pressingplus.com\/ca\/avis-legal\/","title":{"rendered":"Av\u00eds legal"},"content":{"rendered":"\n<h3 class=\"wp-block-heading\">Titularitat de la web i les dades de contacte<\/h3>\n\n<p><a href=\"http:\/\/www.pressingplus.com\">www.pressingplus.com<\/a> \u00e9s un domini d\u2019internet que t\u00e9 com a propietari GROUP PRESSING PLUS LOG\u00cdSTICA APLICADA, S.L. (en endavant, GROUP PRESSING PLUS) amb CIF\/NIF B65774739 i domiciliada a FLUVIA, 261-263 08020 BARCELONA. Registre mercantil T 43212 , F 175, S 8, H B 427228.<\/p>\n\n<p>La finalitat de la web \u00e9s presentar els nostres serveis.<\/p>\n\n<p>Pot contactar amb el propietari d&#8217;aquesta web a:<\/p>\n\n<ul class=\"wp-block-list\"><li>Per tel\u00e8fon, al n\u00famero +34 933 030 213<\/li><li>Per correu electr\u00f2nic, dirigint-se a <a href=\"mailto:marketing@pressingplus.com\">marketing@pressingplus.com<\/a><\/li><li>Per correu ordinari, dirigint-se a GROUP PRESSING PLUS, FLUVIA, 261-263 08020 (BARCELONA)<\/li><\/ul>\n\n<p>Per qualsevol aclariment no dubti contactar amb PRESSING PLUS LOG\u00cdSTICA APLICADA.<\/p>\n\n<h3 class=\"wp-block-heading\">Condicions d&#8217;\u00fas de la web<\/h3>\n\n<p>Les presents condicions d&#8217;\u00fas regulen l&#8217;acc\u00e9s a aquesta web per part dels clients de GROUP PRESSING PLUS i altres usuaris d&#8217;Internet. Per navegar a aquesta web, l&#8217;usuari manifesta la seva acceptaci\u00f3 sense excepcions de les presents condicions d&#8217;\u00fas.<\/p>\n\n<p>GROUP PRESSING PLUS es reserva el dret unilateral de modificar les presents condicions d&#8217;acc\u00e9s a la web, aix\u00ed com els continguts inclosos.<\/p>\n\n<h3 class=\"wp-block-heading\">Limitaci\u00f3 i exclusi\u00f3 de responsabilitat<\/h3>\n\n<p>El contingut d&#8217;aquesta web \u00e9s de car\u00e0cter general i t\u00e9 una finalitat i efectes exclusivament informatius. GROUP PRESSING PLUS no accepta responsabilitat sobre qualsevol informaci\u00f3 no elaborada per ella o publicada al seu nom sense la seva autoritzaci\u00f3, aix\u00ed com responsabilitat derivada de la mala utilitzaci\u00f3 per tercers dels continguts.<\/p>\n\n<p>L&#8217;usuari eximeix GROUP PRESSING PLUS de qualsevol responsabilitat que pogu\u00e9s derivar-se de les interrupcions de disponibilitat de la p\u00e0gina web, ja sigui per mal funcionament del servidor web o de les aplicacions, de les infraestructures de comunicacions o del software i hardware utilitzats per a la navegaci\u00f3.<\/p>\n\n<p>En cas d&#8217;incloure enlla\u00e7os a d&#8217;altres p\u00e0gines web, GROUP PRESSING PLUS declina qualsevol responsabilitat relacionada amb els accessos als mateixos.<\/p>\n\n<h3 class=\"wp-block-heading\">Propietat intel\u00b7lectual i industrial<\/h3>\n\n<p>La totalitat d&#8217;aquesta web est\u00e0 protegida per les lleis de propietat Intel\u00b7lectual i Industrial. Tret que s&#8217;indiqui el contrari, els drets de propietat intel\u00b7lectual respecte dels continguts corresponen en exclusiva a GROUP PRESSING PLUS. L&#8217;usuari reconeix que l&#8217;\u00fas dels continguts es limitar\u00e0 estrictament a finalitats particulars del propi usuari i que la reproducci\u00f3, distribuci\u00f3, comunicaci\u00f3 o transformaci\u00f3 no expressament autoritzada dels continguts mencionats constituiria una infracci\u00f3 dels drets de propietat intel\u00b7lectual.<\/p>\n\n<p>Aix\u00ed mateix, l&#8217;usuari s&#8217;abstindr\u00e0 d&#8217;aplicar els continguts i principalment la informaci\u00f3 de qualsevol tipus obtinguda mitjan\u00e7ant aquesta web per remetre publicitat o comunicacions amb finalitats de venda directa o de car\u00e0cter comercial; missatges no sol\u00b7licitats dirigits a una pluralitat de persones amb independ\u00e8ncia de la seva finalitat. Tamb\u00e9 s&#8217;abstindr\u00e0 de divulgar de qualsevol manera aquesta informaci\u00f3.<\/p>\n\n<p><a href=\"http:\/\/www.pressingplus.com\">www.pressingplus.com<\/a> \u00e9ss un domini de GROUP PRESSING PLUS. No pot ser utilitzat, tret autoritzaci\u00f3 pr\u00e8via i expressa, en connexi\u00f3 amb altres productes o serveis que no siguin propietat de GROUP PRESSING PLUS de cap manera que pugui causar confusi\u00f3 entre els nostres clients o descr\u00e8dit de GROUP PRESSING PLUS.<\/p>\n\n<h3 class=\"wp-block-heading\">Pol\u00edtica per a enlla\u00e7ar a aquesta web<\/h3>\n\n<p>Si qualsevol usuari, entitat o p\u00e0gina web desitg\u00e9s establir algun tipus d&#8217;enlla\u00e7 amb destinaci\u00f3 a aquesta web haur\u00e0 de sol\u00b7licitar autoritzaci\u00f3 pr\u00e8via a la realitzaci\u00f3 de l&#8217;enlla\u00e7 i per escrit.<\/p>\n\n<p>A m\u00e9s, nom\u00e9s es permet enlla\u00e7ar a la p\u00e0gina d&#8217;inici de la web. L&#8217;enlla\u00e7 ha de ser en la seva totalitat i complet, \u00e9s a dir, ha de portar a l&#8217;usuari a la pr\u00f2pia adre\u00e7a de GROUP PRESSING PLUS abarcant completament l&#8217;extensi\u00f3 de la pantalla de la p\u00e0gina que cont\u00e9 l&#8217;enlla\u00e7. En cap cas, excepte autoritzaci\u00f3 expressa i per escrit de GROUP PRESSING PLUS, la p\u00e0gina que en realitzi l&#8217;enlla\u00e7 en cap moment podr\u00e0 reproduir la web GROUP PRESSING PLUS, ni incloure-la com a part del seu web ni dins d&#8217;un dels seus marcs sobre qualsevol de les p\u00e0gines o continguts de la present web.<\/p>\n\n<p>No s&#8217;inclour\u00e0 cap manifestaci\u00f3 falsa, inexacta o incorrecta sobre les p\u00e0gines d&#8217;aquesta web o els serveis que en ella s&#8217;ofereixen.<\/p>\n\n<p>L&#8217;enlla\u00e7 no contindr\u00e0 cap marca, nom comercial, r\u00e8tol d&#8217;establiment, denominaci\u00f3, logotip, esl\u00f2gan o altres signes distintius pertanyents a GROUP PRESSING PLUS.<\/p>\n\n<p>En cap circumst\u00e0ncia GROUP PRESSING PLUS no ser\u00e0 responsable dels continguts o serveis posats a la disposici\u00f3 del p\u00fablic a la p\u00e0gina web des de la qual es realitzi l&#8217;enlla\u00e7 ni de les informacions o manifestacions incloses en les mateixes.<\/p>\n\n<h3 class=\"wp-block-heading\">Protecci\u00f3 de dades personals<\/h3>\n\n<p>La utilitzaci\u00f3 d&#8217;aquesta web i dels seus formularis requereix l&#8217;acceptaci\u00f3 del tractament de les dades de l&#8217;usuari conforme a la nostra <a href=\"https:\/\/pressingplus.com\/ca\/politica-de-privacitat\/\">pol\u00edtica de privacitat<\/a>, incloent-hi la provisi\u00f3 de la web, recopilaci\u00f3 de dades d&#8217;acc\u00e9s i l&#8217;enviament d&#8217;informaci\u00f3 comercial per via electr\u00f2nica, en determinats casos.<\/p>\n\n<p>Llegeixi detingudament la nostra <a href=\"https:\/\/pressingplus.com\/ca\/politica-de-privacitat\/\">pol\u00edtica de privacitat<\/a> per a con\u00e8ixer com utilitzem les dades dels usuaris i com exercir els drets d\u2019acc\u00e9s, rectificaci\u00f3, cancel\u00b7laci\u00f3 i oposici\u00f3.<\/p>\n\n<h3 class=\"wp-block-heading\">Cookies<\/h3>\n\n<p>Aquesta web utilitza cookies pr\u00f2pies i de tercers per a diverses finalitats incloent anal\u00edtiques i publicit\u00e0ries adaptades als interessos de l&#8217;usuari. Pot configurar les seves prefer\u00e8ncies en qualsevol moment mitjan\u00e7ant el sistema de configuraci\u00f3 de cookies integrat en aquest lloc web, podr\u00e0 activar \/ desactivar l\u2019\u00fas de cookies segons les seves finalitats.<\/p>\n\n<p>Llegeixi detingudament la nostra <a href=\"https:\/\/pressingplus.com\/ca\/politica-de-cookies-i-emmagatzematge-local\/\">pol\u00edtica de cookies<\/a> per con\u00e8ixer les tipologies de cookies emprades, i com bloquejar-les o esborrar-les al seu navegador.<\/p>\n\n<h3 class=\"wp-block-heading\">Prevalen\u00e7a de la versi\u00f3 espanyola<\/h3>\n\n<p>En cas que es tradueixi aquest av\u00eds legal a d&#8217;altres idiomes, quan existeixi alguna discrep\u00e0ncia, la versi\u00f3 espanyola prevaldr\u00e0.<\/p>\n\n<h3 class=\"wp-block-heading\">Legislaci\u00f3 i Jurisdicci\u00f3 aplicable<\/h3>\n\n<p>El present Av\u00eds Legal aix\u00ed com les relacions entre GROUP PRESSING PLUS i els usuaris es regiran per la normativa espanyola vigent i qualsevol controv\u00e8rsia se sotmetr\u00e0 als Jutjats i Tribunals de BARCELONA, excepte en el cas de consumidors i usuaris on s&#8217;aplicar\u00e0 el fur imperatiu dels jutjats que corresponguin al seu domicili.<\/p>\n\n<p>\u00a92022 GROUP PRESSING PLUS LOG\u00cdSTICA APLICADA, S.A.<\/p>\n","protected":false},"excerpt":{"rendered":"<p>Titularitat de la web i les dades de contacte www.pressingplus.com \u00e9s un domini d\u2019internet que t\u00e9 com a propietari GROUP PRESSING PLUS LOG\u00cdSTICA APLICADA, S.L. (en endavant, GROUP PRESSING PLUS) amb CIF\/NIF B65774739 i domiciliada a FLUVIA, 261-263 08020 BARCELONA. Registre mercantil T 43212 , F 175, S 8, H B 427228. La finalitat de [&hellip;]<\/p>\n","protected":false},"author":1,"featured_media":0,"parent":0,"menu_order":0,"comment_status":"closed","ping_status":"closed","template":"","meta":{"footnotes":""},"class_list":["post-16242","page","type-page","status-publish","hentry"],"yoast_head":"<!-- This site is optimized with the Yoast SEO plugin v27.2 - https:\/\/yoast.com\/product\/yoast-seo-wordpress\/ -->\n<title>Av\u00eds legal - GROUP PRESSING PLUS<\/title>\n<meta name=\"robots\" content=\"index, follow, max-snippet:-1, max-image-preview:large, max-video-preview:-1\" \/>\n<link rel=\"canonical\" href=\"https:\/\/pressingplus.com\/ca\/avis-legal\/\" \/>\n<meta property=\"og:locale\" content=\"ca_ES\" \/>\n<meta property=\"og:type\" content=\"article\" \/>\n<meta property=\"og:title\" content=\"Av\u00eds legal - GROUP PRESSING PLUS\" \/>\n<meta property=\"og:description\" content=\"Titularitat de la web i les dades de contacte www.pressingplus.com \u00e9s un domini d\u2019internet que t\u00e9 com a propietari GROUP PRESSING PLUS LOG\u00cdSTICA APLICADA, S.L. (en endavant, GROUP PRESSING PLUS) amb CIF\/NIF B65774739 i domiciliada a FLUVIA, 261-263 08020 BARCELONA. Registre mercantil T 43212 , F 175, S 8, H B 427228. La finalitat de [&hellip;]\" \/>\n<meta property=\"og:url\" content=\"https:\/\/pressingplus.com\/ca\/avis-legal\/\" \/>\n<meta property=\"og:site_name\" content=\"GROUP PRESSING PLUS\" \/>\n<meta property=\"article:modified_time\" content=\"2026-03-04T09:37:55+00:00\" \/>\n<meta name=\"twitter:card\" content=\"summary_large_image\" \/>\n<meta name=\"twitter:label1\" content=\"Temps estimat de lectura\" \/>\n\t<meta name=\"twitter:data1\" content=\"5 minuts\" \/>\n<script type=\"application\/ld+json\" class=\"yoast-schema-graph\">{\"@context\":\"https:\/\/schema.org\",\"@graph\":[{\"@type\":\"WebPage\",\"@id\":\"https:\/\/pressingplus.com\/ca\/avis-legal\/\",\"url\":\"https:\/\/pressingplus.com\/ca\/avis-legal\/\",\"name\":\"Av\u00eds legal - GROUP PRESSING PLUS\",\"isPartOf\":{\"@id\":\"https:\/\/pressingplus.com\/#website\"},\"datePublished\":\"2021-08-09T09:12:45+00:00\",\"dateModified\":\"2026-03-04T09:37:55+00:00\",\"breadcrumb\":{\"@id\":\"https:\/\/pressingplus.com\/ca\/avis-legal\/#breadcrumb\"},\"inLanguage\":\"ca\",\"potentialAction\":[{\"@type\":\"ReadAction\",\"target\":[\"https:\/\/pressingplus.com\/ca\/avis-legal\/\"]}]},{\"@type\":\"BreadcrumbList\",\"@id\":\"https:\/\/pressingplus.com\/ca\/avis-legal\/#breadcrumb\",\"itemListElement\":[{\"@type\":\"ListItem\",\"position\":1,\"name\":\"Portada\",\"item\":\"https:\/\/pressingplus.com\/ca\/equipaments-per-a-la-industria-de-la-confeccio-automocio\/\"},{\"@type\":\"ListItem\",\"position\":2,\"name\":\"Av\u00eds legal\"}]},{\"@type\":\"WebSite\",\"@id\":\"https:\/\/pressingplus.com\/#website\",\"url\":\"https:\/\/pressingplus.com\/\",\"name\":\"GROUP PRESSING PLUS\",\"description\":\"Equipamientos para la industria de la confecci\u00f3n\",\"publisher\":{\"@id\":\"https:\/\/pressingplus.com\/#organization\"},\"potentialAction\":[{\"@type\":\"SearchAction\",\"target\":{\"@type\":\"EntryPoint\",\"urlTemplate\":\"https:\/\/pressingplus.com\/?s={search_term_string}\"},\"query-input\":{\"@type\":\"PropertyValueSpecification\",\"valueRequired\":true,\"valueName\":\"search_term_string\"}}],\"inLanguage\":\"ca\"},{\"@type\":\"Organization\",\"@id\":\"https:\/\/pressingplus.com\/#organization\",\"name\":\"GROUP PRESSING PLUS\",\"url\":\"https:\/\/pressingplus.com\/\",\"logo\":{\"@type\":\"ImageObject\",\"inLanguage\":\"ca\",\"@id\":\"https:\/\/pressingplus.com\/#\/schema\/logo\/image\/\",\"url\":\"https:\/\/pressingplus.com\/wp-content\/uploads\/2020\/11\/logo-pressingplus-default.png\",\"contentUrl\":\"https:\/\/pressingplus.com\/wp-content\/uploads\/2020\/11\/logo-pressingplus-default.png\",\"width\":208,\"height\":50,\"caption\":\"GROUP PRESSING PLUS\"},\"image\":{\"@id\":\"https:\/\/pressingplus.com\/#\/schema\/logo\/image\/\"}}]}<\/script>\n<!-- \/ Yoast SEO plugin. -->","yoast_head_json":{"title":"Av\u00eds legal - GROUP PRESSING PLUS","robots":{"index":"index","follow":"follow","max-snippet":"max-snippet:-1","max-image-preview":"max-image-preview:large","max-video-preview":"max-video-preview:-1"},"canonical":"https:\/\/pressingplus.com\/ca\/avis-legal\/","og_locale":"ca_ES","og_type":"article","og_title":"Av\u00eds legal - GROUP PRESSING PLUS","og_description":"Titularitat de la web i les dades de contacte www.pressingplus.com \u00e9s un domini d\u2019internet que t\u00e9 com a propietari GROUP PRESSING PLUS LOG\u00cdSTICA APLICADA, S.L. (en endavant, GROUP PRESSING PLUS) amb CIF\/NIF B65774739 i domiciliada a FLUVIA, 261-263 08020 BARCELONA. Registre mercantil T 43212 , F 175, S 8, H B 427228. La finalitat de [&hellip;]","og_url":"https:\/\/pressingplus.com\/ca\/avis-legal\/","og_site_name":"GROUP PRESSING PLUS","article_modified_time":"2026-03-04T09:37:55+00:00","twitter_card":"summary_large_image","twitter_misc":{"Temps estimat de lectura":"5 minuts"},"schema":{"@context":"https:\/\/schema.org","@graph":[{"@type":"WebPage","@id":"https:\/\/pressingplus.com\/ca\/avis-legal\/","url":"https:\/\/pressingplus.com\/ca\/avis-legal\/","name":"Av\u00eds legal - GROUP PRESSING PLUS","isPartOf":{"@id":"https:\/\/pressingplus.com\/#website"},"datePublished":"2021-08-09T09:12:45+00:00","dateModified":"2026-03-04T09:37:55+00:00","breadcrumb":{"@id":"https:\/\/pressingplus.com\/ca\/avis-legal\/#breadcrumb"},"inLanguage":"ca","potentialAction":[{"@type":"ReadAction","target":["https:\/\/pressingplus.com\/ca\/avis-legal\/"]}]},{"@type":"BreadcrumbList","@id":"https:\/\/pressingplus.com\/ca\/avis-legal\/#breadcrumb","itemListElement":[{"@type":"ListItem","position":1,"name":"Portada","item":"https:\/\/pressingplus.com\/ca\/equipaments-per-a-la-industria-de-la-confeccio-automocio\/"},{"@type":"ListItem","position":2,"name":"Av\u00eds legal"}]},{"@type":"WebSite","@id":"https:\/\/pressingplus.com\/#website","url":"https:\/\/pressingplus.com\/","name":"GROUP PRESSING PLUS","description":"Equipamientos para la industria de la confecci\u00f3n","publisher":{"@id":"https:\/\/pressingplus.com\/#organization"},"potentialAction":[{"@type":"SearchAction","target":{"@type":"EntryPoint","urlTemplate":"https:\/\/pressingplus.com\/?s={search_term_string}"},"query-input":{"@type":"PropertyValueSpecification","valueRequired":true,"valueName":"search_term_string"}}],"inLanguage":"ca"},{"@type":"Organization","@id":"https:\/\/pressingplus.com\/#organization","name":"GROUP PRESSING PLUS","url":"https:\/\/pressingplus.com\/","logo":{"@type":"ImageObject","inLanguage":"ca","@id":"https:\/\/pressingplus.com\/#\/schema\/logo\/image\/","url":"https:\/\/pressingplus.com\/wp-content\/uploads\/2020\/11\/logo-pressingplus-default.png","contentUrl":"https:\/\/pressingplus.com\/wp-content\/uploads\/2020\/11\/logo-pressingplus-default.png","width":208,"height":50,"caption":"GROUP PRESSING PLUS"},"image":{"@id":"https:\/\/pressingplus.com\/#\/schema\/logo\/image\/"}}]}},"_links":{"self":[{"href":"https:\/\/pressingplus.com\/ca\/wp-json\/wp\/v2\/pages\/16242","targetHints":{"allow":["GET"]}}],"collection":[{"href":"https:\/\/pressingplus.com\/ca\/wp-json\/wp\/v2\/pages"}],"about":[{"href":"https:\/\/pressingplus.com\/ca\/wp-json\/wp\/v2\/types\/page"}],"author":[{"embeddable":true,"href":"https:\/\/pressingplus.com\/ca\/wp-json\/wp\/v2\/users\/1"}],"replies":[{"embeddable":true,"href":"https:\/\/pressingplus.com\/ca\/wp-json\/wp\/v2\/comments?post=16242"}],"version-history":[{"count":20,"href":"https:\/\/pressingplus.com\/ca\/wp-json\/wp\/v2\/pages\/16242\/revisions"}],"predecessor-version":[{"id":17049,"href":"https:\/\/pressingplus.com\/ca\/wp-json\/wp\/v2\/pages\/16242\/revisions\/17049"}],"wp:attachment":[{"href":"https:\/\/pressingplus.com\/ca\/wp-json\/wp\/v2\/media?parent=16242"}],"curies":[{"name":"wp","href":"https:\/\/api.w.org\/{rel}","templated":true}]}}